{"id":2002,"date":"2024-05-27T15:59:10","date_gmt":"2024-05-27T13:59:10","guid":{"rendered":"https:\/\/kellycolonges.com\/?page_id=2002"},"modified":"2025-01-11T17:41:14","modified_gmt":"2025-01-11T16:41:14","slug":"actualites","status":"publish","type":"page","link":"https:\/\/kellycolonges.com\/index.php\/actualites\/","title":{"rendered":"Actualit\u00e9s"},"content":{"rendered":"\n<h2 class=\"wp-block-heading\">Programme des rendez-vous 2025<\/h2>\n\n\n\n<ul class=\"wp-block-list\">\n<li>Vendredi 17 janvier : Formatrice pour la formation : Le bien \u00eatre par les plantes \u00e0 usage familial pour le CFPPA de Carmejane. Th\u00e8me abord\u00e9 : Les plantes m\u00e9dicinales : formes gal\u00e9niques, r\u00e9glementation, t\u00e9moignages. <a href=\"https:\/\/digne-carmejane.educagri.fr\/fileadmin\/user_upload\/Plaquette_Bien-%C3%AAtre_par_les_plantes_V3.pdf\">Informations et inscriptions ici. <\/a><\/li>\n\n\n\n<li>Samedi 18 janvier :  Formatrice pour la formation : Le bien \u00eatre par les plantes \u00e0 usage familial pour le CFPPA de Carmejane. Th\u00e8me abord\u00e9 : Les plantes li\u00e9es au syst\u00e8me respiratoire <a href=\"https:\/\/digne-carmejane.educagri.fr\/fileadmin\/user_upload\/Plaquette_Bien-%C3%AAtre_par_les_plantes_V3.pdf\">Informations et inscriptions ici. <\/a><\/li>\n\n\n\n<li>Samedi 8 f\u00e9vrier : Atelier herboristerie comestible \u00e0 <a href=\"https:\/\/www.artemisia-museum.fr\/\">Artemisia Museum<\/a> Forcalquier (04) <a href=\"https:\/\/artemisia-museum.mapado.com\/event\/292379-lherboristerie-comestible\">R\u00e9servations<\/a><\/li>\n\n\n\n<li>Dimanche 16 f\u00e9vrier et Mardi 18 f\u00e9vrier : Ateliers phytoth\u00e9rapie pendant la semaine Jeune et marche en nature et herboristerie organis\u00e9 par <a href=\"https:\/\/www.jeunemarchenature.com\/\">Marie Bruno<\/a>. <a href=\"https:\/\/www.jeunemarchenature.com\/herboristerie\">Plus d\u2019informations ici.<\/a><\/li>\n\n\n\n<li>Samedi 8 mars : Atelier herboristerie comestible \u00e0 <a href=\"https:\/\/www.artemisia-museum.fr\/\">Artemisia Museum<\/a> Forcalquier (04) <a href=\"https:\/\/artemisia-museum.mapado.com\/event\/292379-lherboristerie-comestible\">R\u00e9servations<\/a><\/li>\n\n\n\n<li>Mercredi 12 mars : Atelier aromath\u00e9rapie \u00e0 <a href=\"https:\/\/www.artemisia-museum.fr\/\">Artemisia Museum<\/a> Forcalquier (04)<\/li>\n\n\n\n<li>Vendredi 14 mars :  Formatrice pour la formation : Le bien \u00eatre par les plantes \u00e0 usage familial pour le CFPPA de Carmejane. Th\u00e8me abord\u00e9 : Les plantes li\u00e9es au syst\u00e8me digestif. <a href=\"https:\/\/digne-carmejane.educagri.fr\/fileadmin\/user_upload\/Plaquette_Bien-%C3%AAtre_par_les_plantes_V3.pdf\">Informations et inscriptions ici. <\/a><\/li>\n\n\n\n<li>Samedi 22 mars : Atelier D\u00e9tox \u00e0 <a href=\"https:\/\/origin-ecostore.fr\/\">Origin ecostore<\/a> Villeuneuve les Avignon <a href=\"https:\/\/origin-ecostore.fr\/atelier-phytotherapie\">R\u00e9servations<\/a><\/li>\n\n\n\n<li>Vendredi 16 mai :  Formatrice pour la formation : Le bien \u00eatre par les plantes \u00e0 usage familial pour le CFPPA de Carmejane. Th\u00e8me abord\u00e9 : Les plantes li\u00e9es au syst\u00e8me nerveux. <a href=\"https:\/\/digne-carmejane.educagri.fr\/fileadmin\/user_upload\/Plaquette_Bien-%C3%AAtre_par_les_plantes_V3.pdf\">Informations et inscriptions ici. <\/a><\/li>\n\n\n\n<li>Samedi 17 mai :  Formatrice pour la formation : Le bien \u00eatre par les plantes \u00e0 usage familial pour le CFPPA de Carmejane. Th\u00e8me abord\u00e9 : Les plantes li\u00e9es au syst\u00e8me ost\u00e9o-articulaire. <a href=\"https:\/\/digne-carmejane.educagri.fr\/fileadmin\/user_upload\/Plaquette_Bien-%C3%AAtre_par_les_plantes_V3.pdf\">Informations et inscriptions ici. <\/a><\/li>\n\n\n\n<li>Samedi 24 mai : Atelier phyto \u00e0 <a href=\"https:\/\/origin-ecostore.fr\/\">Origin ecostore<\/a> Villeuneuve les Avignon <a href=\"https:\/\/origin-ecostore.fr\/atelier-phytotherapie-samedi-24-mai\">R\u00e9servations <\/a><\/li>\n\n\n\n<li>Dimanche 25 mai et Mardi 27 mai : Ateliers phytoth\u00e9rapie pendant la semaine Jeune et marche en nature et herboristerie organis\u00e9 par <a href=\"https:\/\/www.jeunemarchenature.com\/\">Marie Bruno<\/a>. <a href=\"https:\/\/www.jeunemarchenature.com\/herboristerie\">Plus d\u2019informations ici.<\/a><\/li>\n\n\n\n<li>Dimanche 22 juin et Mardi 24 juin : Ateliers phytoth\u00e9rapie pendant la semaine Jeune et marche en nature et herboristerie organis\u00e9 par <a href=\"https:\/\/www.jeunemarchenature.com\/\">Marie Bruno<\/a>. <a href=\"https:\/\/www.jeunemarchenature.com\/herboristerie\">Plus d\u2019informations ici.<\/a><\/li>\n<\/ul>\n\n\n\n<h2 class=\"wp-block-heading\">Programme des rendez-vous 2024<\/h2>\n\n\n\n<ul class=\"wp-block-list\">\n<li><strong>Dimanche 13 octobre <\/strong> : Ateliers autour de l\u2019\u00e9glantier \u00e0 Salagon pour les automnales. J\u2019accompagnerai Colette Bitozzi pour transformer le cynorhodon. <\/li>\n<\/ul>\n\n\n\n<ul class=\"wp-block-list\">\n<li><strong>Samedi 28 septembre <\/strong> : Ateliers phytoth\u00e9rapie \u00e0 Origin ecostore Villeuneuve les Avignon <\/li>\n<\/ul>\n\n\n\n<ul class=\"wp-block-list\">\n<li><strong>Samedi 21 septembre <\/strong> : Journ\u00e9es Europ\u00e9ennes du Patrimoine <\/li>\n<\/ul>\n\n\n\n<ul class=\"wp-block-list\">\n<li><strong>Samedi 10 aout<\/strong> : Ateliers phytoth\u00e9rapie \u00e0 Origin ecostore Villeuneuve les Avignon <\/li>\n<\/ul>\n\n\n\n<ul class=\"wp-block-list\">\n<li><strong> Tout l\u2019\u00e9t\u00e9 : Ateliers herboristerie comestible et aromath\u00e9rapie \u00e0 Artemisia museum <\/li>\n<\/ul>\n\n\n\n<ul class=\"wp-block-list\">\n<li><strong>Dimanche 14 juillet<\/strong> : Foire de l&rsquo;herboristerie St Etienne les orgues<\/li>\n<\/ul>\n\n\n\n<ul class=\"wp-block-list\">\n<li><strong>Dimanche 09 juin<\/strong> : Plantes et bien \u00eatre en vignes \u00e9dition 2024 <a href=\"https:\/\/www.chateaugrandcallamand.com\/\">Ch\u00e2teau grand callamand<\/a> 13, Pertuis<\/li>\n<\/ul>\n\n\n\n<p><img loading=\"lazy\" decoding=\"async\" width=\"150\" height=\"212\" class=\"wp-image-2010\" style=\"width: 150px;\" src=\"https:\/\/kellycolonges.com\/wp-content\/uploads\/2024\/05\/Affiche-PBEV2024-13.png\" alt=\"\" srcset=\"https:\/\/kellycolonges.com\/wp-content\/uploads\/2024\/05\/Affiche-PBEV2024-13.png 1654w, https:\/\/kellycolonges.com\/wp-content\/uploads\/2024\/05\/Affiche-PBEV2024-13-212x300.png 212w, https:\/\/kellycolonges.com\/wp-content\/uploads\/2024\/05\/Affiche-PBEV2024-13-724x1024.png 724w, https:\/\/kellycolonges.com\/wp-content\/uploads\/2024\/05\/Affiche-PBEV2024-13-768x1086.png 768w, https:\/\/kellycolonges.com\/wp-content\/uploads\/2024\/05\/Affiche-PBEV2024-13-1086x1536.png 1086w, https:\/\/kellycolonges.com\/wp-content\/uploads\/2024\/05\/Affiche-PBEV2024-13-1448x2048.png 1448w, https:\/\/kellycolonges.com\/wp-content\/uploads\/2024\/05\/Affiche-PBEV2024-13-42x60.png 42w\" sizes=\"auto, (max-width: 150px) 100vw, 150px\" \/>Le dimanche 09 juin on f\u00eate les plantes et l&rsquo;herboristerie au ch\u00e2teau grand callamand \u00e0 Pertuis gr\u00e2ce \u00e0 l&rsquo;organisation de <a href=\"https:\/\/www.coralieimhoff-naturopathe.com\/\">Coralie Imhoff<\/a>. Je serais pr\u00e9sente toute la journ\u00e9e sur le stand de la boutique collective la Place aux herbes. Je vous emm\u00e8ne \u00e9galement \u00e0 la d\u00e9couverte des plantes m\u00e9dicinales pr\u00e9sentent autour du ch\u00e2teau lors de 2 balades botaniques de 1h \u00e0 10h30 et 15h. Tarif : 5\u20ac\/personne. <\/p>\n\n\n\n<p>R\u00e9servation obligatoire aupr\u00e8s de Coralie (coralieimhoff84@gmail.com ou 06.18.77.92.12).<\/p>\n\n\n\n<p><a href=\"https:\/\/www.facebook.com\/events\/1084040289369126\">Plus d&rsquo;informations sur l&rsquo;\u00e9v\u00e8nements<\/a><\/p>\n\n\n\n<ul class=\"wp-block-list\">\n<li><strong>Samedi<\/strong> <strong>01 et Dimanche 02 juin<\/strong> : Rendez-vous au jardins 2024 \u00e0 Salagon mus\u00e9e et jardins, 04 Mane<\/li>\n<\/ul>\n\n\n\n<p><img loading=\"lazy\" decoding=\"async\" width=\"150\" height=\"225\" class=\"wp-image-2009\" style=\"width: 150px;\" src=\"https:\/\/kellycolonges.com\/wp-content\/uploads\/2024\/05\/aff-rdv-jardins_dee1113066.jpg\" alt=\"\" srcset=\"https:\/\/kellycolonges.com\/wp-content\/uploads\/2024\/05\/aff-rdv-jardins_dee1113066.jpg 400w, https:\/\/kellycolonges.com\/wp-content\/uploads\/2024\/05\/aff-rdv-jardins_dee1113066-200x300.jpg 200w, https:\/\/kellycolonges.com\/wp-content\/uploads\/2024\/05\/aff-rdv-jardins_dee1113066-40x60.jpg 40w\" sizes=\"auto, (max-width: 150px) 100vw, 150px\" \/>Retrouvez moi au c\u00e9l\u00e8bre jardin de <a href=\"https:\/\/www.musee-de-salagon.com\/accueil\">Salagon<\/a> pour les rendez-vous au jardin du samedi 01 et dimanche 02 juin o\u00f9 je vous ferez la visite guid\u00e9e du jardin m\u00e9di\u00e9val le samedi 1er juin \u00e0 15h et le dimanche 02 juin \u00e0 11h. La visite guid\u00e9e est comprise dans le billet d&rsquo;entr\u00e9e du site qui est exceptionnellement \u00e0 4\u20ac au lieu de 8\u20ac.<\/p>\n\n\n\n<p><a href=\"https:\/\/www.musee-de-salagon.com\/toute-lactualite\/rendez-vous-aux-jardins-2024\">Plus d&rsquo;informations sur le programme de la journ\u00e9e.<\/a><\/p>\n\n\n\n<ul class=\"wp-block-list\">\n<li><strong>Dimanche 21 avril<\/strong> : La f\u00eate des jardins, 04 Forcalquier. <\/li>\n<\/ul>\n\n\n\n<p><img loading=\"lazy\" decoding=\"async\" width=\"150\" height=\"205\" class=\"wp-image-2008\" style=\"width: 150px;\" src=\"https:\/\/kellycolonges.com\/wp-content\/uploads\/2024\/05\/fete-jardin-forca-2024.jpg\" alt=\"\" srcset=\"https:\/\/kellycolonges.com\/wp-content\/uploads\/2024\/05\/fete-jardin-forca-2024.jpg 730w, https:\/\/kellycolonges.com\/wp-content\/uploads\/2024\/05\/fete-jardin-forca-2024-219x300.jpg 219w, https:\/\/kellycolonges.com\/wp-content\/uploads\/2024\/05\/fete-jardin-forca-2024-44x60.jpg 44w\" sizes=\"auto, (max-width: 150px) 100vw, 150px\" \/> Dans un cadre idyllique, le jardin du couvent des cordeliers, retrouvez moi ainsi que les autres membres de La place aux herbes sur le stand de notre magnifique boutique pour r\u00e9pondre \u00e0 toutes vos questions sur les plantes et leurs utilisations. Retrouvez \u00e9galement tous les produits disponibles \u00e0 la boutique. Cette  journ\u00e9e sera d\u00e9di\u00e9e aux arbres des jardins o\u00f9 ils seront mis \u00e0 l&rsquo;honneur par des conf\u00e9rence et balades botaniques.  <\/p>\n\n\n\n<p><\/p>\n\n\n\n<h2 class=\"wp-block-heading\">Programmes des rendez-vous 2023<\/h2>\n\n\n\n<ul class=\"wp-block-list\">\n<li><strong>Samedi 16 d\u00e9cembre<\/strong> march\u00e9 de No\u00ebl St martin les eaux 04<\/li>\n<\/ul>\n\n\n\n<p>Sur le stand de la Place aux herbes<\/p>\n\n\n\n<p><\/p>\n\n\n\n<ul class=\"wp-block-list\">\n<li><strong>Vendredi 15 d\u00e9cembre<\/strong> march\u00e9 de No\u00ebl de Reillanne  04<\/li>\n<\/ul>\n\n\n\n<p>Sur le stand de la Place aux herbes<\/p>\n\n\n\n<ul class=\"wp-block-list\">\n<li><strong>Jeudi 14 d\u00e9cembre<\/strong> march\u00e9 de No\u00ebl de Forcalquier 04<\/li>\n<\/ul>\n\n\n\n<p>Sur le stand de la Place aux herbes<\/p>\n\n\n\n<ul class=\"wp-block-list\">\n<li><strong>Dimanche 08 octobre <\/strong>: La f\u00eate des jardins d&rsquo;automne, 04 Forcalquier <\/li>\n<\/ul>\n\n\n\n<p>Co-animation d&rsquo;une conf\u00e9rence \u00e0 11h 15 et 15h 15 sur 5 plantes embl\u00e9matiques de la pharmacop\u00e9e v\u00e9g\u00e9tale<\/p>\n\n\n\n<ul class=\"wp-block-list\">\n<li><strong>Vendredi 14 juillet<\/strong> : Foire de l&rsquo;herboristerie, 04 St Etienne les orgues <\/li>\n<\/ul>\n\n\n\n<p>Sur le stand de la Place aux herbes<\/p>\n","protected":false},"excerpt":{"rendered":"<p>Programme des rendez-vous 2025 Programme des rendez-vous 2024 Le dimanche 09 juin on f\u00eate les plantes et l&rsquo;herboristerie au ch\u00e2teau grand callamand \u00e0 Pertuis gr\u00e2ce &hellip; <\/p>\n","protected":false},"author":1,"featured_media":0,"parent":0,"menu_order":0,"comment_status":"closed","ping_status":"closed","template":"","meta":{"footnotes":""},"class_list":["post-2002","page","type-page","status-publish","hentry","latest_post"],"yoast_head":"<!-- This site is optimized with the Yoast SEO plugin v26.0 - https:\/\/yoast.com\/wordpress\/plugins\/seo\/ -->\n<title>Actualit\u00e9s - La r\u00e9serve de l\u2019\u00e9cureuil<\/title>\n<meta name=\"robots\" content=\"index, follow, max-snippet:-1, max-image-preview:large, max-video-preview:-1\" \/>\n<link rel=\"canonical\" href=\"https:\/\/kellycolonges.com\/index.php\/actualites\/\" \/>\n<meta property=\"og:locale\" content=\"fr_FR\" \/>\n<meta property=\"og:type\" content=\"article\" \/>\n<meta property=\"og:title\" content=\"Actualit\u00e9s - La r\u00e9serve de l\u2019\u00e9cureuil\" \/>\n<meta property=\"og:description\" content=\"Programme des rendez-vous 2025 Programme des rendez-vous 2024 Le dimanche 09 juin on f\u00eate les plantes et l&rsquo;herboristerie au ch\u00e2teau grand callamand \u00e0 Pertuis gr\u00e2ce &hellip;\" \/>\n<meta property=\"og:url\" content=\"https:\/\/kellycolonges.com\/index.php\/actualites\/\" \/>\n<meta property=\"og:site_name\" content=\"La r\u00e9serve de l\u2019\u00e9cureuil\" \/>\n<meta property=\"article:publisher\" content=\"https:\/\/www.facebook.com\/profile.php?id=100090131862729\" \/>\n<meta property=\"article:modified_time\" content=\"2025-01-11T16:41:14+00:00\" \/>\n<meta property=\"og:image\" content=\"https:\/\/kellycolonges.com\/wp-content\/uploads\/2024\/05\/Affiche-PBEV2024-13.png\" \/>\n\t<meta property=\"og:image:width\" content=\"1654\" \/>\n\t<meta property=\"og:image:height\" content=\"2339\" \/>\n\t<meta property=\"og:image:type\" content=\"image\/png\" \/>\n<meta name=\"twitter:card\" content=\"summary_large_image\" \/>\n<meta name=\"twitter:label1\" content=\"Dur\u00e9e de lecture estim\u00e9e\" \/>\n\t<meta name=\"twitter:data1\" content=\"4 minutes\" \/>\n<script type=\"application\/ld+json\" class=\"yoast-schema-graph\">{\"@context\":\"https:\/\/schema.org\",\"@graph\":[{\"@type\":\"WebPage\",\"@id\":\"https:\/\/kellycolonges.com\/index.php\/actualites\/\",\"url\":\"https:\/\/kellycolonges.com\/index.php\/actualites\/\",\"name\":\"Actualit\u00e9s - La r\u00e9serve de l\u2019\u00e9cureuil\",\"isPartOf\":{\"@id\":\"https:\/\/kellycolonges.com\/#website\"},\"primaryImageOfPage\":{\"@id\":\"https:\/\/kellycolonges.com\/index.php\/actualites\/#primaryimage\"},\"image\":{\"@id\":\"https:\/\/kellycolonges.com\/index.php\/actualites\/#primaryimage\"},\"thumbnailUrl\":\"https:\/\/kellycolonges.com\/wp-content\/uploads\/2024\/05\/Affiche-PBEV2024-13.png\",\"datePublished\":\"2024-05-27T13:59:10+00:00\",\"dateModified\":\"2025-01-11T16:41:14+00:00\",\"breadcrumb\":{\"@id\":\"https:\/\/kellycolonges.com\/index.php\/actualites\/#breadcrumb\"},\"inLanguage\":\"fr-FR\",\"potentialAction\":[{\"@type\":\"ReadAction\",\"target\":[\"https:\/\/kellycolonges.com\/index.php\/actualites\/\"]}]},{\"@type\":\"ImageObject\",\"inLanguage\":\"fr-FR\",\"@id\":\"https:\/\/kellycolonges.com\/index.php\/actualites\/#primaryimage\",\"url\":\"https:\/\/kellycolonges.com\/wp-content\/uploads\/2024\/05\/Affiche-PBEV2024-13.png\",\"contentUrl\":\"https:\/\/kellycolonges.com\/wp-content\/uploads\/2024\/05\/Affiche-PBEV2024-13.png\",\"width\":1654,\"height\":2339},{\"@type\":\"BreadcrumbList\",\"@id\":\"https:\/\/kellycolonges.com\/index.php\/actualites\/#breadcrumb\",\"itemListElement\":[{\"@type\":\"ListItem\",\"position\":1,\"name\":\"Home\",\"item\":\"https:\/\/kellycolonges.com\/\"},{\"@type\":\"ListItem\",\"position\":2,\"name\":\"Actualit\u00e9s\"}]},{\"@type\":\"WebSite\",\"@id\":\"https:\/\/kellycolonges.com\/#website\",\"url\":\"https:\/\/kellycolonges.com\/\",\"name\":\"Kelly Colonges Praticienne en Herboristerie\",\"description\":\"Kelly Colonges - Praticienne en herboristerie\",\"publisher\":{\"@id\":\"https:\/\/kellycolonges.com\/#organization\"},\"potentialAction\":[{\"@type\":\"SearchAction\",\"target\":{\"@type\":\"EntryPoint\",\"urlTemplate\":\"https:\/\/kellycolonges.com\/?s={search_term_string}\"},\"query-input\":{\"@type\":\"PropertyValueSpecification\",\"valueRequired\":true,\"valueName\":\"search_term_string\"}}],\"inLanguage\":\"fr-FR\"},{\"@type\":\"Organization\",\"@id\":\"https:\/\/kellycolonges.com\/#organization\",\"name\":\"La r\u00e9serve de l\u2019\u00e9cureuil\",\"url\":\"https:\/\/kellycolonges.com\/\",\"logo\":{\"@type\":\"ImageObject\",\"inLanguage\":\"fr-FR\",\"@id\":\"https:\/\/kellycolonges.com\/#\/schema\/logo\/image\/\",\"url\":\"https:\/\/kellycolonges.com\/wp-content\/uploads\/2023\/01\/cropped-cropped-1D59F171-739F-40DB-8754-9DA0A084803D.png\",\"contentUrl\":\"https:\/\/kellycolonges.com\/wp-content\/uploads\/2023\/01\/cropped-cropped-1D59F171-739F-40DB-8754-9DA0A084803D.png\",\"width\":512,\"height\":512,\"caption\":\"La r\u00e9serve de l\u2019\u00e9cureuil\"},\"image\":{\"@id\":\"https:\/\/kellycolonges.com\/#\/schema\/logo\/image\/\"},\"sameAs\":[\"https:\/\/www.facebook.com\/profile.php?id=100090131862729\",\"https:\/\/www.instagram.com\/lareserve_del_ecureuil\/\",\"https:\/\/www.linkedin.com\/in\/kelly-colonges-phd-a49929103\/\"]}]}<\/script>\n<!-- \/ Yoast SEO plugin. -->","yoast_head_json":{"title":"Actualit\u00e9s - La r\u00e9serve de l\u2019\u00e9cureuil","robots":{"index":"index","follow":"follow","max-snippet":"max-snippet:-1","max-image-preview":"max-image-preview:large","max-video-preview":"max-video-preview:-1"},"canonical":"https:\/\/kellycolonges.com\/index.php\/actualites\/","og_locale":"fr_FR","og_type":"article","og_title":"Actualit\u00e9s - La r\u00e9serve de l\u2019\u00e9cureuil","og_description":"Programme des rendez-vous 2025 Programme des rendez-vous 2024 Le dimanche 09 juin on f\u00eate les plantes et l&rsquo;herboristerie au ch\u00e2teau grand callamand \u00e0 Pertuis gr\u00e2ce &hellip;","og_url":"https:\/\/kellycolonges.com\/index.php\/actualites\/","og_site_name":"La r\u00e9serve de l\u2019\u00e9cureuil","article_publisher":"https:\/\/www.facebook.com\/profile.php?id=100090131862729","article_modified_time":"2025-01-11T16:41:14+00:00","og_image":[{"width":1654,"height":2339,"url":"https:\/\/kellycolonges.com\/wp-content\/uploads\/2024\/05\/Affiche-PBEV2024-13.png","type":"image\/png"}],"twitter_card":"summary_large_image","twitter_misc":{"Dur\u00e9e de lecture estim\u00e9e":"4 minutes"},"schema":{"@context":"https:\/\/schema.org","@graph":[{"@type":"WebPage","@id":"https:\/\/kellycolonges.com\/index.php\/actualites\/","url":"https:\/\/kellycolonges.com\/index.php\/actualites\/","name":"Actualit\u00e9s - La r\u00e9serve de l\u2019\u00e9cureuil","isPartOf":{"@id":"https:\/\/kellycolonges.com\/#website"},"primaryImageOfPage":{"@id":"https:\/\/kellycolonges.com\/index.php\/actualites\/#primaryimage"},"image":{"@id":"https:\/\/kellycolonges.com\/index.php\/actualites\/#primaryimage"},"thumbnailUrl":"https:\/\/kellycolonges.com\/wp-content\/uploads\/2024\/05\/Affiche-PBEV2024-13.png","datePublished":"2024-05-27T13:59:10+00:00","dateModified":"2025-01-11T16:41:14+00:00","breadcrumb":{"@id":"https:\/\/kellycolonges.com\/index.php\/actualites\/#breadcrumb"},"inLanguage":"fr-FR","potentialAction":[{"@type":"ReadAction","target":["https:\/\/kellycolonges.com\/index.php\/actualites\/"]}]},{"@type":"ImageObject","inLanguage":"fr-FR","@id":"https:\/\/kellycolonges.com\/index.php\/actualites\/#primaryimage","url":"https:\/\/kellycolonges.com\/wp-content\/uploads\/2024\/05\/Affiche-PBEV2024-13.png","contentUrl":"https:\/\/kellycolonges.com\/wp-content\/uploads\/2024\/05\/Affiche-PBEV2024-13.png","width":1654,"height":2339},{"@type":"BreadcrumbList","@id":"https:\/\/kellycolonges.com\/index.php\/actualites\/#breadcrumb","itemListElement":[{"@type":"ListItem","position":1,"name":"Home","item":"https:\/\/kellycolonges.com\/"},{"@type":"ListItem","position":2,"name":"Actualit\u00e9s"}]},{"@type":"WebSite","@id":"https:\/\/kellycolonges.com\/#website","url":"https:\/\/kellycolonges.com\/","name":"Kelly Colonges Praticienne en Herboristerie","description":"Kelly Colonges - Praticienne en herboristerie","publisher":{"@id":"https:\/\/kellycolonges.com\/#organization"},"potentialAction":[{"@type":"SearchAction","target":{"@type":"EntryPoint","urlTemplate":"https:\/\/kellycolonges.com\/?s={search_term_string}"},"query-input":{"@type":"PropertyValueSpecification","valueRequired":true,"valueName":"search_term_string"}}],"inLanguage":"fr-FR"},{"@type":"Organization","@id":"https:\/\/kellycolonges.com\/#organization","name":"La r\u00e9serve de l\u2019\u00e9cureuil","url":"https:\/\/kellycolonges.com\/","logo":{"@type":"ImageObject","inLanguage":"fr-FR","@id":"https:\/\/kellycolonges.com\/#\/schema\/logo\/image\/","url":"https:\/\/kellycolonges.com\/wp-content\/uploads\/2023\/01\/cropped-cropped-1D59F171-739F-40DB-8754-9DA0A084803D.png","contentUrl":"https:\/\/kellycolonges.com\/wp-content\/uploads\/2023\/01\/cropped-cropped-1D59F171-739F-40DB-8754-9DA0A084803D.png","width":512,"height":512,"caption":"La r\u00e9serve de l\u2019\u00e9cureuil"},"image":{"@id":"https:\/\/kellycolonges.com\/#\/schema\/logo\/image\/"},"sameAs":["https:\/\/www.facebook.com\/profile.php?id=100090131862729","https:\/\/www.instagram.com\/lareserve_del_ecureuil\/","https:\/\/www.linkedin.com\/in\/kelly-colonges-phd-a49929103\/"]}]}},"_links":{"self":[{"href":"https:\/\/kellycolonges.com\/index.php\/wp-json\/wp\/v2\/pages\/2002","targetHints":{"allow":["GET"]}}],"collection":[{"href":"https:\/\/kellycolonges.com\/index.php\/wp-json\/wp\/v2\/pages"}],"about":[{"href":"https:\/\/kellycolonges.com\/index.php\/wp-json\/wp\/v2\/types\/page"}],"author":[{"embeddable":true,"href":"https:\/\/kellycolonges.com\/index.php\/wp-json\/wp\/v2\/users\/1"}],"replies":[{"embeddable":true,"href":"https:\/\/kellycolonges.com\/index.php\/wp-json\/wp\/v2\/comments?post=2002"}],"version-history":[{"count":17,"href":"https:\/\/kellycolonges.com\/index.php\/wp-json\/wp\/v2\/pages\/2002\/revisions"}],"predecessor-version":[{"id":2105,"href":"https:\/\/kellycolonges.com\/index.php\/wp-json\/wp\/v2\/pages\/2002\/revisions\/2105"}],"wp:attachment":[{"href":"https:\/\/kellycolonges.com\/index.php\/wp-json\/wp\/v2\/media?parent=2002"}],"curies":[{"name":"wp","href":"https:\/\/api.w.org\/{rel}","templated":true}]}}